{"id":346,"date":"2022-11-23T22:25:58","date_gmt":"2022-11-23T21:25:58","guid":{"rendered":"https:\/\/valerie-dumas.fr\/?page_id=346"},"modified":"2022-12-15T10:31:10","modified_gmt":"2022-12-15T09:31:10","slug":"qui-je-suis","status":"publish","type":"page","link":"https:\/\/valerie-dumas.fr\/index.php\/qui-je-suis\/","title":{"rendered":"Qui je suis ?"},"content":{"rendered":"\n[et_pb_section fb_built=\u00a0\u00bb1&Prime; prev_background_color=\u00a0\u00bb#ffffff\u00a0\u00bb admin_label=\u00a0\u00bbsection\u00a0\u00bb _builder_version=\u00a0\u00bb4.19.1&Prime; background_image=\u00a0\u00bbhttps:\/\/valerie-dumas.fr\/wp-content\/uploads\/2022\/11\/valerie-sur-l-herbe-avec-fleurs2.png\u00a0\u00bb width=\u00a0\u00bb100%\u00a0\u00bb max_width_tablet=\u00a0\u00bb\u00a0\u00bb max_width_phone=\u00a0\u00bb100%\u00a0\u00bb max_width_last_edited=\u00a0\u00bbon|phone\u00a0\u00bb module_alignment=\u00a0\u00bbleft\u00a0\u00bb height=\u00a0\u00bb1000px\u00a0\u00bb height_tablet=\u00a0\u00bb\u00a0\u00bb height_phone=\u00a0\u00bb970px\u00a0\u00bb height_last_edited=\u00a0\u00bbon|phone\u00a0\u00bb max_height=\u00a0\u00bb970px\u00a0\u00bb custom_margin=\u00a0\u00bb0px||0px|0px|false|false\u00a0\u00bb custom_padding=\u00a0\u00bb99px||99px|0px|true|false\u00a0\u00bb top_divider_style=\u00a0\u00bbwave2&Prime; top_divider_height=\u00a0\u00bb35px\u00a0\u00bb background_last_edited=\u00a0\u00bbon|phone\u00a0\u00bb parallax_phone=\u00a0\u00bboff\u00a0\u00bb background_size_phone=\u00a0\u00bbcustom\u00a0\u00bb background_image_width_phone=\u00a0\u00bb0%\u00a0\u00bb background_image_height_phone=\u00a0\u00bb41%\u00a0\u00bb background_position_phone=\u00a0\u00bbtop_center\u00a0\u00bb background_blend_phone=\u00a0\u00bbnormal\u00a0\u00bb global_colors_info=\u00a0\u00bb{}\u00a0\u00bb][et_pb_row admin_label=\u00a0\u00bbrow\u00a0\u00bb _builder_version=\u00a0\u00bb4.19.1&Prime; background_size=\u00a0\u00bbinitial\u00a0\u00bb background_position=\u00a0\u00bbtop_left\u00a0\u00bb background_repeat=\u00a0\u00bbrepeat\u00a0\u00bb custom_margin=\u00a0\u00bb0px||||false|false\u00a0\u00bb custom_margin_tablet=\u00a0\u00bb0px||||false|false\u00a0\u00bb custom_margin_phone=\u00a0\u00bb-30px||||false|false\u00a0\u00bb custom_margin_last_edited=\u00a0\u00bbon|phone\u00a0\u00bb global_colors_info=\u00a0\u00bb{}\u00a0\u00bb][et_pb_column type=\u00a0\u00bb4_4&Prime; _builder_version=\u00a0\u00bb4.16&Prime; custom_padding=\u00a0\u00bb|||\u00a0\u00bb global_colors_info=\u00a0\u00bb{}\u00a0\u00bb custom_padding__hover=\u00a0\u00bb|||\u00a0\u00bb][et_pb_text content_tablet=\u00a0\u00bb<h1>JE ME PR\u00c9SENTE UN PEU, BEAUCOUP&#8230;<\/h1>\u00a0\u00bb content_phone=\u00a0\u00bb<h1>JE ME PR\u00c9SENTE UN PEU, BEAUCOUP&#8230;<\/h1>\u00a0\u00bb content_last_edited=\u00a0\u00bbon|desktop\u00a0\u00bb admin_label=\u00a0\u00bbText\u00a0\u00bb _builder_version=\u00a0\u00bb4.19.1&Prime; text_font=\u00a0\u00bbOpen Sans|600|||||||\u00a0\u00bb text_font_size=\u00a0\u00bb19px\u00a0\u00bb header_font=\u00a0\u00bbOpen Sans|600|||||||\u00a0\u00bb header_text_align=\u00a0\u00bbcenter\u00a0\u00bb header_text_color=\u00a0\u00bb#EF3B61&Prime; header_font_size=\u00a0\u00bb25px\u00a0\u00bb header_line_height=\u00a0\u00bb1.2em\u00a0\u00bb background_color=\u00a0\u00bbrgba(255,255,255,0.72)\u00a0\u00bb background_size=\u00a0\u00bbinitial\u00a0\u00bb background_position=\u00a0\u00bbtop_left\u00a0\u00bb background_repeat=\u00a0\u00bbrepeat\u00a0\u00bb text_orientation=\u00a0\u00bbcenter\u00a0\u00bb width=\u00a0\u00bb100%\u00a0\u00bb max_width=\u00a0\u00bb45%\u00a0\u00bb max_width_tablet=\u00a0\u00bb45%\u00a0\u00bb max_width_phone=\u00a0\u00bb45%\u00a0\u00bb max_width_last_edited=\u00a0\u00bbon|phone\u00a0\u00bb module_alignment=\u00a0\u00bbleft\u00a0\u00bb min_height=\u00a0\u00bb100px\u00a0\u00bb custom_margin=\u00a0\u00bb0px||-5px|650px|false|false\u00a0\u00bb custom_margin_tablet=\u00a0\u00bb0px||-5px|650px|false|false\u00a0\u00bb custom_margin_phone=\u00a0\u00bb-50px||0px||false|false\u00a0\u00bb custom_margin_last_edited=\u00a0\u00bbon|phone\u00a0\u00bb custom_padding=\u00a0\u00bb22px|10px|10px|10px|false|true\u00a0\u00bb custom_padding_tablet=\u00a0\u00bb22px|10px|10px|10px|false|true\u00a0\u00bb custom_padding_phone=\u00a0\u00bb18px|10px|18px|10px|true|true\u00a0\u00bb custom_padding_last_edited=\u00a0\u00bbon|phone\u00a0\u00bb text_font_tablet=\u00a0\u00bbOpen Sans|600|||||||\u00a0\u00bb text_font_phone=\u00a0\u00bbOpen Sans|500|||||||\u00a0\u00bb text_font_last_edited=\u00a0\u00bbon|tablet\u00a0\u00bb header_font_size_tablet=\u00a0\u00bb20px\u00a0\u00bb header_font_size_phone=\u00a0\u00bb15px\u00a0\u00bb header_font_size_last_edited=\u00a0\u00bbon|desktop\u00a0\u00bb background_last_edited=\u00a0\u00bbon|phone\u00a0\u00bb border_radii=\u00a0\u00bbon|18px|18px|18px|18px\u00a0\u00bb global_colors_info=\u00a0\u00bb{}\u00a0\u00bb]<h1>JE ME PR\u00c9SENTE UN PEU, BEAUCOUP&#8230;<\/h1>[\/et_pb_text][\/et_pb_column][\/et_pb_row][et_pb_row _builder_version=\u00a0\u00bb4.19.1&Prime; _module_preset=\u00a0\u00bbdefault\u00a0\u00bb custom_margin=\u00a0\u00bb215px||||false|false\u00a0\u00bb custom_margin_tablet=\u00a0\u00bb215px||||false|false\u00a0\u00bb custom_margin_phone=\u00a0\u00bb215px||||false|false\u00a0\u00bb custom_margin_last_edited=\u00a0\u00bbon|phone\u00a0\u00bb global_colors_info=\u00a0\u00bb{}\u00a0\u00bb][et_pb_column type=\u00a0\u00bb4_4&Prime; _builder_version=\u00a0\u00bb4.19.0&Prime; _module_preset=\u00a0\u00bbdefault\u00a0\u00bb global_colors_info=\u00a0\u00bb{}\u00a0\u00bb][et_pb_text _builder_version=\u00a0\u00bb4.19.1&Prime; _module_preset=\u00a0\u00bbdefault\u00a0\u00bb text_font=\u00a0\u00bbCaveat|500|||||||\u00a0\u00bb text_text_color=\u00a0\u00bb#353535&Prime; text_font_size=\u00a0\u00bb25px\u00a0\u00bb text_line_height=\u00a0\u00bb1.8em\u00a0\u00bb header_font=\u00a0\u00bbOpen Sans||||||||\u00a0\u00bb header_font_size=\u00a0\u00bb26px\u00a0\u00bb header_2_font=\u00a0\u00bbCaveat|700|||||||\u00a0\u00bb header_2_text_align=\u00a0\u00bbcenter\u00a0\u00bb header_2_text_color=\u00a0\u00bb#EF3B61&Prime; header_2_font_size=\u00a0\u00bb25px\u00a0\u00bb header_3_font=\u00a0\u00bbCaveat|600|||on||||\u00a0\u00bb header_3_font_size=\u00a0\u00bb20px\u00a0\u00bb background_color=\u00a0\u00bbrgba(255,255,255,0.72)\u00a0\u00bb text_orientation=\u00a0\u00bbcenter\u00a0\u00bb width=\u00a0\u00bb50%\u00a0\u00bb width_tablet=\u00a0\u00bb50%\u00a0\u00bb width_phone=\u00a0\u00bb50%\u00a0\u00bb width_last_edited=\u00a0\u00bbon|phone\u00a0\u00bb max_width=\u00a0\u00bb45%\u00a0\u00bb max_width_tablet=\u00a0\u00bb45%\u00a0\u00bb max_width_phone=\u00a0\u00bb100%\u00a0\u00bb max_width_last_edited=\u00a0\u00bbon|desktop\u00a0\u00bb module_alignment=\u00a0\u00bbleft\u00a0\u00bb custom_margin=\u00a0\u00bb-200px||0px||false|false\u00a0\u00bb custom_margin_tablet=\u00a0\u00bb-200px||||false|false\u00a0\u00bb custom_margin_phone=\u00a0\u00bb-45px|0px|0px|0px|false|false\u00a0\u00bb custom_margin_last_edited=\u00a0\u00bbon|desktop\u00a0\u00bb custom_padding=\u00a0\u00bb15px|15px|15px|15px|true|true\u00a0\u00bb text_text_color_tablet=\u00a0\u00bb#353535&Prime; text_text_color_phone=\u00a0\u00bb#353535&Prime; text_text_color_last_edited=\u00a0\u00bbon|phone\u00a0\u00bb text_font_size_tablet=\u00a0\u00bb19px\u00a0\u00bb text_font_size_phone=\u00a0\u00bb15px\u00a0\u00bb text_font_size_last_edited=\u00a0\u00bbon|phone\u00a0\u00bb text_line_height_tablet=\u00a0\u00bb1.8em\u00a0\u00bb text_line_height_phone=\u00a0\u00bb1.2em\u00a0\u00bb text_line_height_last_edited=\u00a0\u00bbon|phone\u00a0\u00bb header_2_font_size_tablet=\u00a0\u00bb22px\u00a0\u00bb header_2_font_size_phone=\u00a0\u00bb22px\u00a0\u00bb header_2_font_size_last_edited=\u00a0\u00bbon|phone\u00a0\u00bb background_color_phone=\u00a0\u00bb#D9D76E\u00a0\u00bb background_last_edited=\u00a0\u00bbon|phone\u00a0\u00bb background_enable_color_phone=\u00a0\u00bbon\u00a0\u00bb text_orientation_tablet=\u00a0\u00bbcenter\u00a0\u00bb text_orientation_phone=\u00a0\u00bbcenter\u00a0\u00bb text_orientation_last_edited=\u00a0\u00bbon|desktop\u00a0\u00bb module_alignment_tablet=\u00a0\u00bbleft\u00a0\u00bb module_alignment_phone=\u00a0\u00bbleft\u00a0\u00bb module_alignment_last_edited=\u00a0\u00bbon|tablet\u00a0\u00bb border_radii=\u00a0\u00bbon|18px|18px|18px|18px\u00a0\u00bb global_colors_info=\u00a0\u00bb{}\u00a0\u00bb]<p>\u00ab Comme toute pratique de d\u00e9veloppement personnel, il est essentiel de se sentir en confiance et en ad\u00e9quation avec le praticien choisi. Je suis Val\u00e9rie Dumas et, je vais vous parler de ce qui m\u2019a amen\u00e9 \u00e0 la sophrologie.\u00bb<\/p>[\/et_pb_text][\/et_pb_column][\/et_pb_row][\/et_pb_section][et_pb_section fb_built=\u00a0\u00bb1&Prime; _builder_version=\u00a0\u00bb4.19.1&Prime; _module_preset=\u00a0\u00bbdefault\u00a0\u00bb background_enable_image=\u00a0\u00bboff\u00a0\u00bb custom_margin_tablet=\u00a0\u00bb\u00a0\u00bb custom_margin_phone=\u00a0\u00bb-615px||||false|false\u00a0\u00bb custom_margin_last_edited=\u00a0\u00bbon|phone\u00a0\u00bb global_colors_info=\u00a0\u00bb{}\u00a0\u00bb][et_pb_row column_structure=\u00a0\u00bb1_2,1_2&Prime; _builder_version=\u00a0\u00bb4.19.1&Prime; _module_preset=\u00a0\u00bbdefault\u00a0\u00bb custom_margin=\u00a0\u00bb30px||||false|false\u00a0\u00bb global_colors_info=\u00a0\u00bb{}\u00a0\u00bb][et_pb_column type=\u00a0\u00bb1_2&Prime; _builder_version=\u00a0\u00bb4.19.0&Prime; _module_preset=\u00a0\u00bbdefault\u00a0\u00bb global_colors_info=\u00a0\u00bb{}\u00a0\u00bb][et_pb_text _builder_version=\u00a0\u00bb4.19.1&Prime; _module_preset=\u00a0\u00bbdefault\u00a0\u00bb text_font=\u00a0\u00bbOpen Sans||||||||\u00a0\u00bb text_text_color=\u00a0\u00bb#353535&Prime; header_2_font=\u00a0\u00bbCaveat|700|||||||\u00a0\u00bb header_2_text_color=\u00a0\u00bb#456C4D\u00a0\u00bb header_2_font_size=\u00a0\u00bb30px\u00a0\u00bb header_2_line_height=\u00a0\u00bb1.5em\u00a0\u00bb background_enable_color=\u00a0\u00bboff\u00a0\u00bb custom_margin=\u00a0\u00bb-15px||||false|false\u00a0\u00bb custom_margin_tablet=\u00a0\u00bb-15px||||false|false\u00a0\u00bb custom_margin_phone=\u00a0\u00bb20px||||false|false\u00a0\u00bb custom_margin_last_edited=\u00a0\u00bbon|phone\u00a0\u00bb custom_padding=\u00a0\u00bb0px|0px|0px|0px|true|true\u00a0\u00bb header_2_font_size_tablet=\u00a0\u00bb30px\u00a0\u00bb header_2_font_size_phone=\u00a0\u00bb25px\u00a0\u00bb header_2_font_size_last_edited=\u00a0\u00bbon|phone\u00a0\u00bb global_colors_info=\u00a0\u00bb{}\u00a0\u00bb]<h2>Quelques mots sur moi&#8230;.<\/h2>\n<p>Pour commencer, je vais faire un petit retour en arri\u00e8re\u2026 car c&rsquo;est notre exp\u00e9rience de vie qui fait de nous ce que nous sommes aujourd&rsquo;hui. Et, comme certains l&rsquo;ont d\u00e9j\u00e0 fait avant moi, j&rsquo;ai pris un virage \u00e0 180 degr\u00e9s !<\/p>\n<p>Vingt-deux ans dans la grande distribution en tant que manager de rayon m\u2019ont permis de comprendre l\u2019importance de savoir contr\u00f4ler ses \u00e9motions pour mieux g\u00e9rer le stress du m\u00e9tier.<\/p>\n<p>\u00c0 la naissance de ma fille, j&rsquo;ai suivi des formations de massages pour b\u00e9b\u00e9s, afin de l&rsquo;apaiser avec des huiles essentielles. Lui apporter du bien-\u00eatre a renforc\u00e9 ma conviction de vouloir en faire davantage. Et surtout, j\u2019aspirais \u00e9galement \u00e0 plus de s\u00e9r\u00e9nit\u00e9.<\/p>\n<p>Les cadences, les objectifs \u00e0 atteindre, la pression de ma hi\u00e9rarchie devenaient de plus en plus pesants, je ne m\u2019y retrouvais plus. Souhaitant partager l\u2019exp\u00e9rience v\u00e9cue aupr\u00e8s de ma fille, j\u2019ai eu envie d\u2019en faire mon m\u00e9tier.<\/p>\n<p>Je voulais v\u00e9ritablement aller vers un m\u00e9tier o\u00f9 la patience, l\u2019\u00e9coute et l\u2019empathie ne sont pas que des mots.<\/p>\n<p><strong>La Sophrologie peut apporter du bien \u00eatre aux enfants, les aider \u00e0 avancer dans la vie avec moins de stress et les aider \u00e0 surmonter certaines p\u00e9riodes difficiles comme la crise sanitaire qui les a affect\u00e9 bien plus qu\u2019on ne le pense.<\/strong><\/p>\n<p>D\u00e8s lors, plus aucun doute pour moi, je me suis lanc\u00e9e. Une \u00e9cole parisienne qui dispense des cours \u00e0 Metz correspondait exactement \u00e0 ce que je recherchais pour devenir Sophrologue.<\/p>[\/et_pb_text][\/et_pb_column][et_pb_column type=\u00a0\u00bb1_2&Prime; _builder_version=\u00a0\u00bb4.19.0&Prime; _module_preset=\u00a0\u00bbdefault\u00a0\u00bb global_colors_info=\u00a0\u00bb{}\u00a0\u00bb][et_pb_image src=\u00a0\u00bbhttps:\/\/valerie-dumas.fr\/wp-content\/uploads\/2022\/11\/valerie-contre-un-arbre.png\u00a0\u00bb title_text=\u00a0\u00bbvalerie-contre-un-arbre\u00a0\u00bb _builder_version=\u00a0\u00bb4.19.1&Prime; _module_preset=\u00a0\u00bbdefault\u00a0\u00bb global_colors_info=\u00a0\u00bb{}\u00a0\u00bb][\/et_pb_image][\/et_pb_column][\/et_pb_row][et_pb_row _builder_version=\u00a0\u00bb4.19.1&Prime; _module_preset=\u00a0\u00bbdefault\u00a0\u00bb global_colors_info=\u00a0\u00bb{}\u00a0\u00bb][et_pb_column type=\u00a0\u00bb4_4&Prime; _builder_version=\u00a0\u00bb4.19.1&Prime; _module_preset=\u00a0\u00bbdefault\u00a0\u00bb global_colors_info=\u00a0\u00bb{}\u00a0\u00bb][et_pb_text module_id=\u00a0\u00bbsophro\u00a0\u00bb _builder_version=\u00a0\u00bb4.19.1&Prime; _module_preset=\u00a0\u00bbdefault\u00a0\u00bb text_font=\u00a0\u00bbCaveat|600|||||||\u00a0\u00bb text_text_color=\u00a0\u00bb#353535&Prime; text_font_size=\u00a0\u00bb25px\u00a0\u00bb text_line_height=\u00a0\u00bb1.8em\u00a0\u00bb header_2_font=\u00a0\u00bbCaveat|700|||||||\u00a0\u00bb header_2_text_align=\u00a0\u00bbcenter\u00a0\u00bb header_2_text_color=\u00a0\u00bb#456C4D\u00a0\u00bb header_2_font_size=\u00a0\u00bb30px\u00a0\u00bb background_color=\u00a0\u00bb#CFCD4D\u00a0\u00bb text_orientation=\u00a0\u00bbcenter\u00a0\u00bb custom_padding=\u00a0\u00bb20px|20px|20px|20px|true|true\u00a0\u00bb text_font_size_tablet=\u00a0\u00bb25px\u00a0\u00bb text_font_size_phone=\u00a0\u00bb22px\u00a0\u00bb text_font_size_last_edited=\u00a0\u00bbon|phone\u00a0\u00bb text_line_height_tablet=\u00a0\u00bb1.4em\u00a0\u00bb text_line_height_phone=\u00a0\u00bb1.2em\u00a0\u00bb text_line_height_last_edited=\u00a0\u00bbon|desktop\u00a0\u00bb header_2_font_size_tablet=\u00a0\u00bb30px\u00a0\u00bb header_2_font_size_phone=\u00a0\u00bb25px\u00a0\u00bb header_2_font_size_last_edited=\u00a0\u00bbon|phone\u00a0\u00bb border_radii=\u00a0\u00bbon|25px|25px|25px|25px\u00a0\u00bb global_colors_info=\u00a0\u00bb{}\u00a0\u00bb]<p>\u00ab \u00c9pauler les enfants, faire qu\u2019ils se sentent mieux, qu\u2019ils sachent appr\u00e9hender leurs peurs, leurs col\u00e8res et leurs angoisses sont d\u00e9sormais mes missions \u00bb.<\/p>[\/et_pb_text][\/et_pb_column][\/et_pb_row][\/et_pb_section][et_pb_section fb_built=\u00a0\u00bb1&Prime; prev_background_color=\u00a0\u00bb#ffffff\u00a0\u00bb _builder_version=\u00a0\u00bb4.19.1&Prime; _module_preset=\u00a0\u00bbdefault\u00a0\u00bb background_color=\u00a0\u00bb#EFEBC7&Prime; custom_margin=\u00a0\u00bb-20px||||false|false\u00a0\u00bb top_divider_style=\u00a0\u00bbclouds\u00a0\u00bb global_colors_info=\u00a0\u00bb{}\u00a0\u00bb][et_pb_row column_structure=\u00a0\u00bb2_5,3_5&Prime; _builder_version=\u00a0\u00bb4.19.1&Prime; _module_preset=\u00a0\u00bbdefault\u00a0\u00bb custom_margin=\u00a0\u00bb50px||||false|false\u00a0\u00bb global_colors_info=\u00a0\u00bb{}\u00a0\u00bb][et_pb_column type=\u00a0\u00bb2_5&Prime; _builder_version=\u00a0\u00bb4.19.1&Prime; _module_preset=\u00a0\u00bbdefault\u00a0\u00bb global_colors_info=\u00a0\u00bb{}\u00a0\u00bb][et_pb_image src=\u00a0\u00bbhttps:\/\/valerie-dumas.fr\/wp-content\/uploads\/2022\/11\/valerie-qui-marche.png\u00a0\u00bb title_text=\u00a0\u00bbvalerie-qui-marche\u00a0\u00bb align=\u00a0\u00bbcenter\u00a0\u00bb src_tablet=\u00a0\u00bbhttps:\/\/valerie-dumas.fr\/wp-content\/uploads\/2022\/11\/valerie-sourit-assise-sur-l-herbe.png\u00a0\u00bb src_phone=\u00a0\u00bbhttps:\/\/valerie-dumas.fr\/wp-content\/uploads\/2022\/11\/valerie-sourit-assise-sur-l-herbe.png\u00a0\u00bb src_last_edited=\u00a0\u00bbon|tablet\u00a0\u00bb align_tablet=\u00a0\u00bbcenter\u00a0\u00bb align_phone=\u00a0\u00bbcenter\u00a0\u00bb align_last_edited=\u00a0\u00bbon|desktop\u00a0\u00bb _builder_version=\u00a0\u00bb4.19.1&Prime; _module_preset=\u00a0\u00bbdefault\u00a0\u00bb global_colors_info=\u00a0\u00bb{}\u00a0\u00bb][\/et_pb_image][\/et_pb_column][et_pb_column type=\u00a0\u00bb3_5&Prime; _builder_version=\u00a0\u00bb4.19.1&Prime; _module_preset=\u00a0\u00bbdefault\u00a0\u00bb global_colors_info=\u00a0\u00bb{}\u00a0\u00bb][et_pb_text _builder_version=\u00a0\u00bb4.19.1&Prime; _module_preset=\u00a0\u00bbdefault\u00a0\u00bb text_font=\u00a0\u00bbOpen Sans||||||||\u00a0\u00bb text_text_color=\u00a0\u00bb#353535&Prime; header_2_font=\u00a0\u00bbCaveat|700|||||||\u00a0\u00bb header_2_text_align=\u00a0\u00bbleft\u00a0\u00bb header_2_text_color=\u00a0\u00bb#EF3B61&Prime; header_2_font_size=\u00a0\u00bb30px\u00a0\u00bb header_2_line_height=\u00a0\u00bb1.5em\u00a0\u00bb background_enable_color=\u00a0\u00bboff\u00a0\u00bb text_orientation=\u00a0\u00bbjustified\u00a0\u00bb custom_padding=\u00a0\u00bb15px|15px|15px|15px|true|true\u00a0\u00bb header_2_font_size_tablet=\u00a0\u00bb30px\u00a0\u00bb header_2_font_size_phone=\u00a0\u00bb22px\u00a0\u00bb header_2_font_size_last_edited=\u00a0\u00bbon|phone\u00a0\u00bb border_radii=\u00a0\u00bbon|20px|20px|20px|20px\u00a0\u00bb inline_fonts=\u00a0\u00bbOpen Sans\u00a0\u00bb global_colors_info=\u00a0\u00bb{}\u00a0\u00bb]<h2>L&rsquo;objectif : Permettre aux enfants d&rsquo;acc\u00e9der \u00e0 l&rsquo;autonomie en toute confiance et s\u00e9curit\u00e9. <\/h2>[\/et_pb_text][et_pb_text _builder_version=\u00a0\u00bb4.19.1&Prime; _module_preset=\u00a0\u00bbdefault\u00a0\u00bb text_font=\u00a0\u00bbOpen Sans||||||||\u00a0\u00bb text_text_color=\u00a0\u00bb#353535&Prime; background_color=\u00a0\u00bb#EFEBC7&Prime; custom_margin=\u00a0\u00bb-30px||||false|false\u00a0\u00bb custom_padding=\u00a0\u00bb15px|15px|15px|15px|true|true\u00a0\u00bb border_radii=\u00a0\u00bbon|20px|20px|20px|20px\u00a0\u00bb global_colors_info=\u00a0\u00bb{}\u00a0\u00bb]<p>Pour cette reconversion professionnelle, je me suis form\u00e9e sur les huiles essentielles, j&rsquo;ai re\u00e7u une certification et j&rsquo;ai suivi ma formation \u00e0 l&rsquo;IFS en 2021.\n\nMa formation de sophrologue achev\u00e9e, il me manquait encore quelque chose. Je me suis rendue compte que pour travailler avec les enfants, je n&rsquo;avais pas assez d&rsquo;outils pour les aiguiller. Il me fallait cr\u00e9er des ateliers \u00e0 part, qui leur parlent.\n\nC\u2019est alors que je d\u00e9couvre \u00ab La bulle des \u00e9motions \u00bb. Ce super r\u00e9seau de sophrologues a d\u00e9velopp\u00e9 un concept avec des instruments cl\u00e9s en main pour permettre \u00e0 nos chers bambins d\u2019explorer leurs \u00e9motions, de les identifier dans leur corps et dans leur t\u00eate d\u2019une mani\u00e8re simple et ludique.\n<\/p>[\/et_pb_text][\/et_pb_column][\/et_pb_row][\/et_pb_section][et_pb_section fb_built=\u00a0\u00bb1&Prime; custom_padding_last_edited=\u00a0\u00bbon|phone\u00a0\u00bb next_background_color=\u00a0\u00bb#456C4D\u00a0\u00bb _builder_version=\u00a0\u00bb4.19.1&Prime; _module_preset=\u00a0\u00bbdefault\u00a0\u00bb background_enable_color=\u00a0\u00bboff\u00a0\u00bb min_height=\u00a0\u00bb196px\u00a0\u00bb custom_padding=\u00a0\u00bb30px||80px||false|false\u00a0\u00bb custom_padding_tablet=\u00a0\u00bb30px||80px||false|false\u00a0\u00bb custom_padding_phone=\u00a0\u00bb||70px||false|false\u00a0\u00bb bottom_divider_style=\u00a0\u00bbwave2&Prime; bottom_divider_height=\u00a0\u00bb60px\u00a0\u00bb bottom_divider_height_tablet=\u00a0\u00bb50px\u00a0\u00bb bottom_divider_height_phone=\u00a0\u00bb40px\u00a0\u00bb bottom_divider_height_last_edited=\u00a0\u00bbon|phone\u00a0\u00bb global_colors_info=\u00a0\u00bb{}\u00a0\u00bb][et_pb_row _builder_version=\u00a0\u00bb4.19.1&Prime; _module_preset=\u00a0\u00bbdefault\u00a0\u00bb global_colors_info=\u00a0\u00bb{}\u00a0\u00bb][et_pb_column type=\u00a0\u00bb4_4&Prime; _builder_version=\u00a0\u00bb4.19.0&Prime; _module_preset=\u00a0\u00bbdefault\u00a0\u00bb global_colors_info=\u00a0\u00bb{}\u00a0\u00bb][et_pb_text module_id=\u00a0\u00bbsophrokids2&Prime; _builder_version=\u00a0\u00bb4.19.1&Prime; _module_preset=\u00a0\u00bbdefault\u00a0\u00bb text_font=\u00a0\u00bbCaveat|700|||||||\u00a0\u00bb text_text_color=\u00a0\u00bb#353535&Prime; text_font_size=\u00a0\u00bb25px\u00a0\u00bb text_line_height=\u00a0\u00bb1.8em\u00a0\u00bb background_color=\u00a0\u00bb#CFCD4D\u00a0\u00bb text_orientation=\u00a0\u00bbcenter\u00a0\u00bb min_height_tablet=\u00a0\u00bb\u00a0\u00bb min_height_phone=\u00a0\u00bb\u00a0\u00bb min_height_last_edited=\u00a0\u00bbon|desktop\u00a0\u00bb custom_padding=\u00a0\u00bb20px|20px|20px|20px|true|true\u00a0\u00bb text_font_size_tablet=\u00a0\u00bb25px\u00a0\u00bb text_font_size_phone=\u00a0\u00bb22px\u00a0\u00bb text_font_size_last_edited=\u00a0\u00bbon|phone\u00a0\u00bb text_line_height_tablet=\u00a0\u00bb1.8em\u00a0\u00bb text_line_height_phone=\u00a0\u00bb1.2em\u00a0\u00bb text_line_height_last_edited=\u00a0\u00bbon|desktop\u00a0\u00bb border_radii=\u00a0\u00bbon|25px|25px|25px|25px\u00a0\u00bb global_colors_info=\u00a0\u00bb{}\u00a0\u00bb]<p>\u00ab \u00catre \u00e0 l&rsquo;\u00e9coute de l&rsquo;autre, aider les enfants et les adultes \u00e0 vivre avec leurs \u00e9motions&#8230;. \nc\u2019est ma nouvelle philosophie. \u00bb\n<\/p>[\/et_pb_text][\/et_pb_column][\/et_pb_row][\/et_pb_section][et_pb_section fb_built=\u00a0\u00bb1&Prime; _builder_version=\u00a0\u00bb4.19.1&Prime; _module_preset=\u00a0\u00bbdefault\u00a0\u00bb background_color=\u00a0\u00bb#456C4D\u00a0\u00bb custom_margin=\u00a0\u00bb0px||||false|false\u00a0\u00bb custom_padding=\u00a0\u00bb15px||15px||true|false\u00a0\u00bb global_colors_info=\u00a0\u00bb{}\u00a0\u00bb][et_pb_row _builder_version=\u00a0\u00bb4.19.1&Prime; _module_preset=\u00a0\u00bbdefault\u00a0\u00bb global_colors_info=\u00a0\u00bb{}\u00a0\u00bb][et_pb_column type=\u00a0\u00bb4_4&Prime; _builder_version=\u00a0\u00bb4.19.1&Prime; _module_preset=\u00a0\u00bbdefault\u00a0\u00bb global_colors_info=\u00a0\u00bb{}\u00a0\u00bb][et_pb_text _builder_version=\u00a0\u00bb4.19.1&Prime; _module_preset=\u00a0\u00bbdefault\u00a0\u00bb text_font=\u00a0\u00bbCaveat|700|||||||\u00a0\u00bb text_text_color=\u00a0\u00bb#FFFFFF\u00a0\u00bb text_font_size=\u00a0\u00bb18px\u00a0\u00bb text_orientation=\u00a0\u00bbcenter\u00a0\u00bb global_colors_info=\u00a0\u00bb{}\u00a0\u00bb]<p>Val\u00e9rie DUMAS\nSophrologue sp\u00e9cialis\u00e9e pour les enfants<\/p>[\/et_pb_text][et_pb_text _builder_version=\u00a0\u00bb4.19.1&Prime; _module_preset=\u00a0\u00bbdefault\u00a0\u00bb text_font=\u00a0\u00bbOpen Sans||||||||\u00a0\u00bb text_text_color=\u00a0\u00bb#FFFFFF\u00a0\u00bb text_orientation=\u00a0\u00bbcenter\u00a0\u00bb global_colors_info=\u00a0\u00bb{}\u00a0\u00bb]<p>Mon secteur d\u2019activit\u00e9 se situe sur une zone d\u2019environ 30km autour d\u2019Aulnois sur Seille (57).<\/p>[\/et_pb_text][\/et_pb_column][\/et_pb_row][et_pb_row column_structure=\u00a0\u00bb1_3,1_3,1_3&Prime; _builder_version=\u00a0\u00bb4.19.1&Prime; _module_preset=\u00a0\u00bbdefault\u00a0\u00bb custom_margin=\u00a0\u00bb||20px||false|false\u00a0\u00bb global_colors_info=\u00a0\u00bb{}\u00a0\u00bb][et_pb_column type=\u00a0\u00bb1_3&Prime; _builder_version=\u00a0\u00bb4.19.1&Prime; _module_preset=\u00a0\u00bbdefault\u00a0\u00bb global_colors_info=\u00a0\u00bb{}\u00a0\u00bb][et_pb_text _builder_version=\u00a0\u00bb4.19.1&Prime; _module_preset=\u00a0\u00bbdefault\u00a0\u00bb text_font=\u00a0\u00bbOpen Sans|700|||||||\u00a0\u00bb text_text_color=\u00a0\u00bb#456C4D\u00a0\u00bb text_font_size=\u00a0\u00bb18px\u00a0\u00bb background_color=\u00a0\u00bb#CFCD4D\u00a0\u00bb text_orientation=\u00a0\u00bbcenter\u00a0\u00bb width=\u00a0\u00bb100%\u00a0\u00bb width_tablet=\u00a0\u00bb50%\u00a0\u00bb width_phone=\u00a0\u00bb100%\u00a0\u00bb width_last_edited=\u00a0\u00bbon|desktop\u00a0\u00bb max_width=\u00a0\u00bb100%\u00a0\u00bb max_width_tablet=\u00a0\u00bb50%\u00a0\u00bb max_width_phone=\u00a0\u00bb\u00a0\u00bb max_width_last_edited=\u00a0\u00bbon|desktop\u00a0\u00bb module_alignment=\u00a0\u00bbcenter\u00a0\u00bb custom_margin=\u00a0\u00bb||||false|false\u00a0\u00bb custom_padding=\u00a0\u00bb5px|5px|5px|5px|true|true\u00a0\u00bb link_option_url=\u00a0\u00bbhttps:\/\/valerie-dumas.fr\/index.php\/mes-tarifs\u00a0\u00bb text_font_size_tablet=\u00a0\u00bb16px\u00a0\u00bb text_font_size_phone=\u00a0\u00bb14px\u00a0\u00bb text_font_size_last_edited=\u00a0\u00bbon|tablet\u00a0\u00bb border_radii=\u00a0\u00bbon|50px|50px|50px|50px\u00a0\u00bb global_colors_info=\u00a0\u00bb{}\u00a0\u00bb]Consulter mes tarifs[\/et_pb_text][\/et_pb_column][et_pb_column type=\u00a0\u00bb1_3&Prime; _builder_version=\u00a0\u00bb4.19.1&Prime; _module_preset=\u00a0\u00bbdefault\u00a0\u00bb global_colors_info=\u00a0\u00bb{}\u00a0\u00bb][et_pb_text _builder_version=\u00a0\u00bb4.19.1&Prime; _module_preset=\u00a0\u00bbdefault\u00a0\u00bb text_font=\u00a0\u00bbOpen Sans|700|||||||\u00a0\u00bb text_text_color=\u00a0\u00bb#456C4D\u00a0\u00bb text_font_size=\u00a0\u00bb18px\u00a0\u00bb background_color=\u00a0\u00bb#CFCD4D\u00a0\u00bb text_orientation=\u00a0\u00bbcenter\u00a0\u00bb width=\u00a0\u00bb100%\u00a0\u00bb width_tablet=\u00a0\u00bb100%\u00a0\u00bb width_phone=\u00a0\u00bb100%\u00a0\u00bb width_last_edited=\u00a0\u00bbon|tablet\u00a0\u00bb max_width_tablet=\u00a0\u00bb50%\u00a0\u00bb max_width_phone=\u00a0\u00bb\u00a0\u00bb max_width_last_edited=\u00a0\u00bbon|phone\u00a0\u00bb module_alignment=\u00a0\u00bbcenter\u00a0\u00bb custom_margin=\u00a0\u00bb||||false|false\u00a0\u00bb custom_padding=\u00a0\u00bb5px|5px|5px|5px|true|true\u00a0\u00bb link_option_url=\u00a0\u00bbhttps:\/\/valerie-dumas.fr\/index.php\/contact\u00a0\u00bb text_font_size_tablet=\u00a0\u00bb16px\u00a0\u00bb text_font_size_phone=\u00a0\u00bb14px\u00a0\u00bb text_font_size_last_edited=\u00a0\u00bbon|tablet\u00a0\u00bb border_radii=\u00a0\u00bbon|50px|50px|50px|50px\u00a0\u00bb global_colors_info=\u00a0\u00bb{}\u00a0\u00bb]Me contacter[\/et_pb_text][\/et_pb_column][et_pb_column type=\u00a0\u00bb1_3&Prime; _builder_version=\u00a0\u00bb4.19.1&Prime; _module_preset=\u00a0\u00bbdefault\u00a0\u00bb global_colors_info=\u00a0\u00bb{}\u00a0\u00bb][et_pb_text _builder_version=\u00a0\u00bb4.19.1&Prime; _module_preset=\u00a0\u00bbdefault\u00a0\u00bb text_font=\u00a0\u00bbOpen Sans|700|||||||\u00a0\u00bb text_text_color=\u00a0\u00bb#456C4D\u00a0\u00bb text_font_size=\u00a0\u00bb18px\u00a0\u00bb background_color=\u00a0\u00bb#CFCD4D\u00a0\u00bb text_orientation=\u00a0\u00bbcenter\u00a0\u00bb width=\u00a0\u00bb100%\u00a0\u00bb width_tablet=\u00a0\u00bb50%\u00a0\u00bb width_phone=\u00a0\u00bb100%\u00a0\u00bb width_last_edited=\u00a0\u00bbon|desktop\u00a0\u00bb max_width=\u00a0\u00bb100%\u00a0\u00bb max_width_tablet=\u00a0\u00bb\u00a0\u00bb max_width_phone=\u00a0\u00bb50%\u00a0\u00bb max_width_last_edited=\u00a0\u00bbon|phone\u00a0\u00bb module_alignment=\u00a0\u00bbcenter\u00a0\u00bb custom_margin=\u00a0\u00bb||||false|false\u00a0\u00bb custom_padding=\u00a0\u00bb5px|5px|5px|5px|true|true\u00a0\u00bb hover_enabled=\u00a0\u00bb0&Prime; text_font_size_tablet=\u00a0\u00bb16px\u00a0\u00bb text_font_size_phone=\u00a0\u00bb14px\u00a0\u00bb text_font_size_last_edited=\u00a0\u00bbon|tablet\u00a0\u00bb border_radii=\u00a0\u00bbon|50px|50px|50px|50px\u00a0\u00bb global_colors_info=\u00a0\u00bb{}\u00a0\u00bb link_option_url=\u00a0\u00bbJe vous propose des <strong>conseils individuels dans l\u2019utilisation des huiles essentielles<\/strong> qui peuvent parfaitement compl\u00e9ter mon offre en sophrologie. \u00a0\u00bb sticky_enabled=\u00a0\u00bb0&Prime;]<p><img loading=\"lazy\" decoding=\"async\" src=\"https:\/\/valerie-dumas.fr\/wp-content\/uploads\/2022\/11\/icone-facebook-17.png\" alt=\"\" class=\"wp-image-258 alignnone size-full\" width=\"10\" height=\"18\" \/> Suivez-moi<\/p>[\/et_pb_text][\/et_pb_column][\/et_pb_row][\/et_pb_section]\n","protected":false},"excerpt":{"rendered":"<p>JE ME PR\u00c9SENTE UN PEU, BEAUCOUP&#8230;\u00ab Comme toute pratique de d\u00e9veloppement personnel, il est essentiel de se sentir en confiance et en ad\u00e9quation avec le praticien choisi. Je suis Val\u00e9rie Dumas et, je vais vous parler de ce qui m\u2019a amen\u00e9 \u00e0 la sophrologie.\u00bbQuelques mots sur moi&#8230;. Pour commencer, je vais faire un petit retour [&hellip;]<\/p>\n","protected":false},"author":1,"featured_media":0,"parent":0,"menu_order":0,"comment_status":"closed","ping_status":"closed","template":"","meta":{"_et_pb_use_builder":"on","_et_pb_old_content":"","_et_gb_content_width":"","footnotes":""},"class_list":["post-346","page","type-page","status-publish","hentry"],"yoast_head":"<!-- This site is optimized with the Yoast SEO plugin v19.13 - https:\/\/yoast.com\/wordpress\/plugins\/seo\/ -->\n<title>Qui je suis ? - Val\u00e9rie Dumas Sophrologue<\/title>\n<meta name=\"description\" content=\"D\u00e9couvrez-en un peu plus sur Val\u00e9rie Dumas, sophrologue pour enfants et adultes notamment avec &quot;La bulle des \u00e9motions&quot;.\" \/>\n<meta name=\"robots\" content=\"index, follow, max-snippet:-1, max-image-preview:large, max-video-preview:-1\" \/>\n<link rel=\"canonical\" href=\"https:\/\/valerie-dumas.fr\/index.php\/qui-je-suis\/\" \/>\n<meta property=\"og:locale\" content=\"fr_FR\" \/>\n<meta property=\"og:type\" content=\"article\" \/>\n<meta property=\"og:title\" content=\"Qui je suis ? - Val\u00e9rie Dumas Sophrologue\" \/>\n<meta property=\"og:description\" content=\"D\u00e9couvrez-en un peu plus sur Val\u00e9rie Dumas, sophrologue pour enfants et adultes notamment avec &quot;La bulle des \u00e9motions&quot;.\" \/>\n<meta property=\"og:url\" content=\"https:\/\/valerie-dumas.fr\/index.php\/qui-je-suis\/\" \/>\n<meta property=\"og:site_name\" content=\"Val\u00e9rie Dumas Sophrologue\" \/>\n<meta property=\"article:publisher\" content=\"https:\/\/www.facebook.com\/valeriedumassophrologue\" \/>\n<meta property=\"article:modified_time\" content=\"2022-12-15T09:31:10+00:00\" \/>\n<meta property=\"og:image\" content=\"https:\/\/valerie-dumas.fr\/wp-content\/uploads\/2022\/11\/icone-facebook-17.png\" \/>\n<meta name=\"twitter:card\" content=\"summary_large_image\" \/>\n<meta name=\"twitter:label1\" content=\"Dur\u00e9e de lecture estim\u00e9e\" \/>\n\t<meta name=\"twitter:data1\" content=\"6 minutes\" \/>\n<script type=\"application\/ld+json\" class=\"yoast-schema-graph\">{\"@context\":\"https:\/\/schema.org\",\"@graph\":[{\"@type\":\"WebPage\",\"@id\":\"https:\/\/valerie-dumas.fr\/index.php\/qui-je-suis\/\",\"url\":\"https:\/\/valerie-dumas.fr\/index.php\/qui-je-suis\/\",\"name\":\"Qui je suis ? - Val\u00e9rie Dumas Sophrologue\",\"isPartOf\":{\"@id\":\"https:\/\/valerie-dumas.fr\/#website\"},\"datePublished\":\"2022-11-23T21:25:58+00:00\",\"dateModified\":\"2022-12-15T09:31:10+00:00\",\"description\":\"D\u00e9couvrez-en un peu plus sur Val\u00e9rie Dumas, sophrologue pour enfants et adultes notamment avec \\\"La bulle des \u00e9motions\\\".\",\"breadcrumb\":{\"@id\":\"https:\/\/valerie-dumas.fr\/index.php\/qui-je-suis\/#breadcrumb\"},\"inLanguage\":\"fr-FR\",\"potentialAction\":[{\"@type\":\"ReadAction\",\"target\":[\"https:\/\/valerie-dumas.fr\/index.php\/qui-je-suis\/\"]}]},{\"@type\":\"BreadcrumbList\",\"@id\":\"https:\/\/valerie-dumas.fr\/index.php\/qui-je-suis\/#breadcrumb\",\"itemListElement\":[{\"@type\":\"ListItem\",\"position\":1,\"name\":\"Accueil\",\"item\":\"https:\/\/valerie-dumas.fr\/\"},{\"@type\":\"ListItem\",\"position\":2,\"name\":\"Qui je suis ?\"}]},{\"@type\":\"WebSite\",\"@id\":\"https:\/\/valerie-dumas.fr\/#website\",\"url\":\"https:\/\/valerie-dumas.fr\/\",\"name\":\"Val\u00e9rie Dumas Sophrologue\",\"description\":\"\",\"publisher\":{\"@id\":\"https:\/\/valerie-dumas.fr\/#organization\"},\"potentialAction\":[{\"@type\":\"SearchAction\",\"target\":{\"@type\":\"EntryPoint\",\"urlTemplate\":\"https:\/\/valerie-dumas.fr\/?s={search_term_string}\"},\"query-input\":\"required name=search_term_string\"}],\"inLanguage\":\"fr-FR\"},{\"@type\":\"Organization\",\"@id\":\"https:\/\/valerie-dumas.fr\/#organization\",\"name\":\"Val\u00e9rie Dumas Sophrologue\",\"url\":\"https:\/\/valerie-dumas.fr\/\",\"logo\":{\"@type\":\"ImageObject\",\"inLanguage\":\"fr-FR\",\"@id\":\"https:\/\/valerie-dumas.fr\/#\/schema\/logo\/image\/\",\"url\":\"https:\/\/valerie-dumas.fr\/wp-content\/uploads\/2022\/11\/cropped-Logo-512x512px-AdobeStock-311830560.jpg\",\"contentUrl\":\"https:\/\/valerie-dumas.fr\/wp-content\/uploads\/2022\/11\/cropped-Logo-512x512px-AdobeStock-311830560.jpg\",\"width\":512,\"height\":512,\"caption\":\"Val\u00e9rie Dumas Sophrologue\"},\"image\":{\"@id\":\"https:\/\/valerie-dumas.fr\/#\/schema\/logo\/image\/\"},\"sameAs\":[\"https:\/\/www.facebook.com\/valeriedumassophrologue\"]}]}<\/script>\n<!-- \/ Yoast SEO plugin. -->","yoast_head_json":{"title":"Qui je suis ? - Val\u00e9rie Dumas Sophrologue","description":"D\u00e9couvrez-en un peu plus sur Val\u00e9rie Dumas, sophrologue pour enfants et adultes notamment avec \"La bulle des \u00e9motions\".","robots":{"index":"index","follow":"follow","max-snippet":"max-snippet:-1","max-image-preview":"max-image-preview:large","max-video-preview":"max-video-preview:-1"},"canonical":"https:\/\/valerie-dumas.fr\/index.php\/qui-je-suis\/","og_locale":"fr_FR","og_type":"article","og_title":"Qui je suis ? - Val\u00e9rie Dumas Sophrologue","og_description":"D\u00e9couvrez-en un peu plus sur Val\u00e9rie Dumas, sophrologue pour enfants et adultes notamment avec \"La bulle des \u00e9motions\".","og_url":"https:\/\/valerie-dumas.fr\/index.php\/qui-je-suis\/","og_site_name":"Val\u00e9rie Dumas Sophrologue","article_publisher":"https:\/\/www.facebook.com\/valeriedumassophrologue","article_modified_time":"2022-12-15T09:31:10+00:00","og_image":[{"url":"https:\/\/valerie-dumas.fr\/wp-content\/uploads\/2022\/11\/icone-facebook-17.png"}],"twitter_card":"summary_large_image","twitter_misc":{"Dur\u00e9e de lecture estim\u00e9e":"6 minutes"},"schema":{"@context":"https:\/\/schema.org","@graph":[{"@type":"WebPage","@id":"https:\/\/valerie-dumas.fr\/index.php\/qui-je-suis\/","url":"https:\/\/valerie-dumas.fr\/index.php\/qui-je-suis\/","name":"Qui je suis ? - Val\u00e9rie Dumas Sophrologue","isPartOf":{"@id":"https:\/\/valerie-dumas.fr\/#website"},"datePublished":"2022-11-23T21:25:58+00:00","dateModified":"2022-12-15T09:31:10+00:00","description":"D\u00e9couvrez-en un peu plus sur Val\u00e9rie Dumas, sophrologue pour enfants et adultes notamment avec \"La bulle des \u00e9motions\".","breadcrumb":{"@id":"https:\/\/valerie-dumas.fr\/index.php\/qui-je-suis\/#breadcrumb"},"inLanguage":"fr-FR","potentialAction":[{"@type":"ReadAction","target":["https:\/\/valerie-dumas.fr\/index.php\/qui-je-suis\/"]}]},{"@type":"BreadcrumbList","@id":"https:\/\/valerie-dumas.fr\/index.php\/qui-je-suis\/#breadcrumb","itemListElement":[{"@type":"ListItem","position":1,"name":"Accueil","item":"https:\/\/valerie-dumas.fr\/"},{"@type":"ListItem","position":2,"name":"Qui je suis ?"}]},{"@type":"WebSite","@id":"https:\/\/valerie-dumas.fr\/#website","url":"https:\/\/valerie-dumas.fr\/","name":"Val\u00e9rie Dumas Sophrologue","description":"","publisher":{"@id":"https:\/\/valerie-dumas.fr\/#organization"},"potentialAction":[{"@type":"SearchAction","target":{"@type":"EntryPoint","urlTemplate":"https:\/\/valerie-dumas.fr\/?s={search_term_string}"},"query-input":"required name=search_term_string"}],"inLanguage":"fr-FR"},{"@type":"Organization","@id":"https:\/\/valerie-dumas.fr\/#organization","name":"Val\u00e9rie Dumas Sophrologue","url":"https:\/\/valerie-dumas.fr\/","logo":{"@type":"ImageObject","inLanguage":"fr-FR","@id":"https:\/\/valerie-dumas.fr\/#\/schema\/logo\/image\/","url":"https:\/\/valerie-dumas.fr\/wp-content\/uploads\/2022\/11\/cropped-Logo-512x512px-AdobeStock-311830560.jpg","contentUrl":"https:\/\/valerie-dumas.fr\/wp-content\/uploads\/2022\/11\/cropped-Logo-512x512px-AdobeStock-311830560.jpg","width":512,"height":512,"caption":"Val\u00e9rie Dumas Sophrologue"},"image":{"@id":"https:\/\/valerie-dumas.fr\/#\/schema\/logo\/image\/"},"sameAs":["https:\/\/www.facebook.com\/valeriedumassophrologue"]}]}},"_links":{"self":[{"href":"https:\/\/valerie-dumas.fr\/index.php\/wp-json\/wp\/v2\/pages\/346","targetHints":{"allow":["GET"]}}],"collection":[{"href":"https:\/\/valerie-dumas.fr\/index.php\/wp-json\/wp\/v2\/pages"}],"about":[{"href":"https:\/\/valerie-dumas.fr\/index.php\/wp-json\/wp\/v2\/types\/page"}],"author":[{"embeddable":true,"href":"https:\/\/valerie-dumas.fr\/index.php\/wp-json\/wp\/v2\/users\/1"}],"replies":[{"embeddable":true,"href":"https:\/\/valerie-dumas.fr\/index.php\/wp-json\/wp\/v2\/comments?post=346"}],"version-history":[{"count":14,"href":"https:\/\/valerie-dumas.fr\/index.php\/wp-json\/wp\/v2\/pages\/346\/revisions"}],"predecessor-version":[{"id":544,"href":"https:\/\/valerie-dumas.fr\/index.php\/wp-json\/wp\/v2\/pages\/346\/revisions\/544"}],"wp:attachment":[{"href":"https:\/\/valerie-dumas.fr\/index.php\/wp-json\/wp\/v2\/media?parent=346"}],"curies":[{"name":"wp","href":"https:\/\/api.w.org\/{rel}","templated":true}]}}